{"id":58,"date":"2025-06-11T14:40:28","date_gmt":"2025-06-11T14:40:28","guid":{"rendered":"http:\/\/www.dataslatitudes.com\/sosuniversal\/index.php\/test_3-2\/"},"modified":"2025-08-14T09:54:11","modified_gmt":"2025-08-14T09:54:11","slug":"cgu","status":"publish","type":"page","link":"https:\/\/www.dataslatitudes.com\/sosuniversal\/hu\/cgu\/","title":{"rendered":"\u00c1ltal\u00e1nos felhaszn\u00e1l\u00e1si felt\u00e9telek"},"content":{"rendered":"\r\n<p class=\"has-small-font-size\"><\/p>\r\n\r\n\r\n\r\n<h1 class=\"wp-block-heading has-text-align-center has-medium-font-size\"><strong>\u00c1LTAL\u00c1NOS FELHASZN\u00c1L\u00c1SI FELT\u00c9TELEK<\/strong><\/h1>\r\n\r\n\r\n\r\n<h2 class=\"wp-block-heading has-background\" style=\"background-color:#f9f3eb;margin-top:var(--wp--preset--spacing--20);margin-bottom:var(--wp--preset--spacing--20);padding-top:var(--wp--preset--spacing--30);padding-bottom:var(--wp--preset--spacing--30);font-size:1.2rem\">El\u0151sz\u00f3<\/h2>\r\n\r\n\r\n\r\n<p style=\"margin-top:var(--wp--preset--spacing--30);margin-bottom:var(--wp--preset--spacing--30)\">A jelen \u00e1ltal\u00e1nos felhaszn\u00e1l\u00e1si felt\u00e9telek (&#8222;\u00c1FF&#8221;) szab\u00e1lyozz\u00e1k a DATASLATITUDES (a tov\u00e1bbiakban: &#8222;Kiad\u00f3&#8221;) \u00e1ltal fejlesztett SOS Universal mobilalkalmaz\u00e1s (a tov\u00e1bbiakban: &#8222;Alkalmaz\u00e1s&#8221;) haszn\u00e1lat\u00e1t. Az Alkalmaz\u00e1s c\u00e9lja k\u00fcl\u00f6n\u00f6sen a riaszt\u00e1sok k\u00fcld\u00e9se el\u0151re meghat\u00e1rozott kapcsolatoknak v\u00e9szhelyzet vagy a felhaszn\u00e1l\u00f3 \u00e1ltal meghat\u00e1rozott b\u00e1rmely egy\u00e9b ok eset\u00e9n.<\/p>\r\n\r\n\r\n\r\n<p style=\"margin-top:0;margin-bottom:0\">Az Alkalmaz\u00e1s let\u00f6lt\u00e9s\u00e9vel, telep\u00edt\u00e9s\u00e9vel vagy haszn\u00e1lat\u00e1val fenntart\u00e1s n\u00e9lk\u00fcl elfogadja a jelen \u00c1ltal\u00e1nos Felhaszn\u00e1l\u00e1si Felt\u00e9teleket. Ha nem fogadja el ezeket a felt\u00e9teleket, ne haszn\u00e1lja az Alkalmaz\u00e1st.<\/p>\r\n\r\n\r\n\r\n<h2 class=\"wp-block-heading has-background\" style=\"background-color:#f9f3eb;margin-top:var(--wp--preset--spacing--30);margin-bottom:var(--wp--preset--spacing--30);padding-top:var(--wp--preset--spacing--30);padding-bottom:var(--wp--preset--spacing--30);font-size:1.2rem\">1. A szolg\u00e1ltat\u00e1s le\u00edr\u00e1sa<\/h2>\r\n\r\n\r\n\r\n<p style=\"margin-top:var(--wp--preset--spacing--20);margin-bottom:var(--wp--preset--spacing--20)\">Az SOS Universal lehet\u0151v\u00e9 teszi a felhaszn\u00e1l\u00f3 sz\u00e1m\u00e1ra, hogy riaszt\u00e1sokat ind\u00edtson, amelyeket telefonh\u00edv\u00e1s vagy SMS form\u00e1j\u00e1ban k\u00fcldenek el azoknak a kapcsolatoknak, amelyek az okostelefon n\u00e9vjegyz\u00e9k\u00e9b\u0151l sz\u00e1rmazhatnak. A szolg\u00e1ltat\u00e1s a k\u00f6vetkez\u0151 funkci\u00f3kat tartalmazza:<\/p>\r\n\r\n\r\n\r\n<ul style=\"margin-top:0;margin-bottom:0\" class=\"wp-block-list\">\r\n<li><strong>V\u00e9szhelyzeti kapcsolatok kezel\u00e9se: <\/strong>kapcsolatok l\u00e9trehoz\u00e1sa, kapcsolatok import\u00e1l\u00e1sa a telefonr\u00f3l, kapcsolatok prioriz\u00e1l\u00e1sa \u00e9s v\u00e9szhelyzeti kapcsolattart\u00f3 st\u00e1tuszuk \u00e9rtes\u00edt\u00e9se. Lehet\u0151s\u00e9g van a riaszt\u00e1si list\u00e1r\u00f3l ideiglenesen inaktiv\u00e1lni egy kapcsolatot.<br>Megjegyz\u00e9s: sz\u00e1mos orsz\u00e1gban hat\u00e1lyban l\u00e9v\u0151 szab\u00e1lyoz\u00e1snak val\u00f3 megfelel\u00e9s \u00e9rdek\u00e9ben a hivatalos seg\u00e9lyh\u00edv\u00f3 sz\u00e1mok (pl. 17, 18, 112, 911 stb.) tilosak.<\/li>\r\n\r\n\r\n\r\n<li><strong>A riaszt\u00e1s tartalm\u00e1nak meghat\u00e1roz\u00e1sa: <\/strong>a riaszt\u00e1s meghat\u00e1rozhat\u00f3 telefonh\u00edv\u00e1ssal \u00e9s SMS k\u00fcld\u00e9s\u00e9vel, amely (az \u00fczenet sz\u00f6vege mellett) tartalmazhatja a f\u00f6ldrajzi helyet (link a Google Maps vagy OpenStreetMap t\u00e9rk\u00e9p\u00e9re) \u00e9s a megfelel\u0151 c\u00edmet. Ez a riaszt\u00e1s elind\u00edthat egy hangfelv\u00e9telt, egy hangos riaszt\u00e1st vagy egy bej\u00f6v\u0151 telefonh\u00edv\u00e1s szimul\u00e1ci\u00f3j\u00e1t is. Az SMS sz\u00f6veg\u00e9t kieg\u00e9sz\u00edtheti egy kieg\u00e9sz\u00edt\u0151 \u00fczenet.<\/li>\r\n\r\n\r\n\r\n<li><strong>Riaszt\u00e1sok k\u00fcld\u00e9se: <\/strong>a riaszt\u00e1sok h\u00e1rom m\u00f3don t\u00f6rt\u00e9nnek:\r\n<ul class=\"wp-block-list\">\r\n<li><strong>Azonnali m\u00f3d: <\/strong>a riaszt\u00e1s azonnal elk\u00fcld\u00e9sre ker\u00fcl az SOS gomb megnyom\u00e1sa ut\u00e1n.<\/li>\r\n\r\n\r\n\r\n<li><strong>K\u00e9sleltetett m\u00f3d: <\/strong>a riaszt\u00e1s a felhaszn\u00e1l\u00f3 \u00e1ltal meghat\u00e1rozott k\u00e9sleltet\u00e9s ut\u00e1n ker\u00fcl elk\u00fcld\u00e9sre.<\/li>\r\n\r\n\r\n\r\n<li><strong>Ism\u00e9tl\u0151d\u0151 m\u00f3d: <\/strong>a riaszt\u00e1s egy kezdeti k\u00e9sleltet\u00e9s ut\u00e1n ker\u00fcl elk\u00fcld\u00e9sre, majd meghat\u00e1rozott id\u0151tartam alatt rendszeres id\u0151k\u00f6z\u00f6nk\u00e9nt ism\u00e9tl\u0151dik.<\/li>\r\n<\/ul>\r\n<\/li>\r\n\r\n\r\n\r\n<li><strong>Be\u00e1ll\u00edt\u00e1s: <\/strong>az SOS Universal nyelve (54 nyelv \u00e1ll rendelkez\u00e9sre), valamint a vizu\u00e1lis t\u00e9ma (vil\u00e1gos vagy s\u00f6t\u00e9t) konfigur\u00e1lhat\u00f3. Lehet\u0151s\u00e9g van k\u00fcl\u00f6nb\u00f6z\u0151 riaszt\u00e1sind\u00edt\u00e1si be\u00e1ll\u00edt\u00e1sok elv\u00e9gz\u00e9s\u00e9re is (5 m\u00e1sodperces k\u00e9sleltet\u00e9s azonnali m\u00f3dban, &#8222;SOS&#8221; sz\u00f6veg megjelen\u00edt\u00e9se vagy elrejt\u00e9se a riaszt\u00e1s gombon, \u00e9s esetleges rezg\u00e9s kiad\u00e1sa a riaszt\u00e1s k\u00fcld\u00e9se el\u0151tt). A be\u00e1ll\u00edt\u00e1sok lehet\u0151v\u00e9 teszik a riaszt\u00e1s automatikus ind\u00edt\u00e1s\u00e1t egy alkalmaz\u00e1s widgetj\u00e9b\u0151l, k\u00f6zvetlen\u00fcl az okostelefon kezd\u0151k\u00e9perny\u0151j\u00e9r\u0151l. Ami a hangriaszt\u00e1s kiv\u00e1laszt\u00e1s\u00e1t illeti, hat szir\u00e9nafelv\u00e9tel \u00e9s n\u00e9gy emberi ki\u00e1lt\u00e1sfelv\u00e9tel \u00e1ll rendelkez\u00e9sre.<\/li>\r\n\r\n\r\n\r\n<li><strong>El\u0151zm\u00e9nyek: <\/strong>Az alkalmaz\u00e1s az utols\u00f3 50 elk\u00fcld\u00f6tt riaszt\u00e1s el\u0151zm\u00e9ny\u00e9t \u0151rzi, minden relev\u00e1ns inform\u00e1ci\u00f3val: riasztott kapcsolat neve, d\u00e1tum, id\u0151, \u00fczenet tartalma \u00e9s haszn\u00e1lt riaszt\u00e1si m\u00f3d.<\/li>\r\n\r\n\r\n\r\n<li><strong>Hangfelv\u00e9telek kezel\u00e9se: <\/strong>ak\u00e1r 200 hangfelv\u00e9tel is t\u00e1rolhat\u00f3 az okostelefon let\u00f6lt\u00e9si k\u00f6nyvt\u00e1r\u00e1ban. Minden felv\u00e9tel id\u0151b\u00e9lyeggel ell\u00e1tott, \u00e9s meghallgathat\u00f3, \u00e1tnevezhet\u0151 vagy t\u00f6r\u00f6lhet\u0151.<\/li>\r\n<\/ul>\r\n\r\n\r\n\r\n<p><br>Kognit\u00edv zavarokkal k\u00fczd\u0151 felhaszn\u00e1l\u00f3k sz\u00e1m\u00e1ra az Alkalmaz\u00e1s egy megb\u00edzhat\u00f3 harmadik f\u00e9l \u00e1ltal konfigur\u00e1lhat\u00f3 \u00e9s ut\u00e1na z\u00e1rolhat\u00f3. Ebben a m\u00f3dban csak a f\u0151 riaszt\u00e1sind\u00edt\u00f3 gomb akt\u00edv (valamint a riaszt\u00e1s t\u00f6rl\u0151 gomb). A felold\u00e1s egyszer\u0171en a 0000 k\u00f3ddal t\u00f6rt\u00e9nik.<\/p>\r\n\r\n\r\n\r\n<p style=\"margin-top:0;margin-bottom:0;padding-top:0;padding-bottom:0\">A riaszt\u00e1s elind\u00edt\u00e1s\u00e1n k\u00edv\u00fcl h\u00e1rom tov\u00e1bbi seg\u00e9dprogram is el\u00e9rhet\u0151, mindegyik opcion\u00e1lis ind\u00edt\u00e1si k\u00e9sleltet\u00e9ssel konfigur\u00e1lhat\u00f3:<\/p>\r\n\r\n\r\n\r\n<ul style=\"margin-top:0;margin-right:0;margin-bottom:0;margin-left:0;padding-top:0;padding-bottom:0\" class=\"wp-block-list\">\r\n<li>hangfelv\u00e9tel,<\/li>\r\n\r\n\r\n\r\n<li>hangriaszt\u00e1s,<\/li>\r\n\r\n\r\n\r\n<li>bej\u00f6v\u0151 telefonh\u00edv\u00e1s szimul\u00e1ci\u00f3ja.<\/li>\r\n<\/ul>\r\n\r\n\r\n\r\n<p style=\"font-size:0.5rem\"><\/p>\r\n\r\n\r\n\r\n<h2 class=\"wp-block-heading has-background\" style=\"background-color:#f9f3eb;margin-top:var(--wp--preset--spacing--20);margin-bottom:var(--wp--preset--spacing--20);padding-top:var(--wp--preset--spacing--30);padding-bottom:var(--wp--preset--spacing--30);font-size:1.2rem\">2. A felhaszn\u00e1l\u00f3 k\u00f6telezetts\u00e9gei \u00e9s felel\u0151ss\u00e9gei<\/h2>\r\n\r\n\r\n\r\n<p style=\"margin-top:var(--wp--preset--spacing--20);margin-bottom:var(--wp--preset--spacing--20)\">Az Alkalmaz\u00e1s haszn\u00e1lat\u00e1val v\u00e1llalja, hogy:<\/p>\r\n\r\n\r\n\r\n<ul style=\"margin-top:var(--wp--preset--spacing--20);margin-bottom:var(--wp--preset--spacing--20)\" class=\"wp-block-list\">\r\n<li><strong>Pontos inform\u00e1ci\u00f3k megad\u00e1sa: <\/strong>\u00d6n kiz\u00e1r\u00f3lagosan felel\u0151s a megadott inform\u00e1ci\u00f3k pontoss\u00e1g\u00e1\u00e9rt, k\u00fcl\u00f6n\u00f6sen a seg\u00e9lyh\u00edv\u00f3 kapcsolatok telefonsz\u00e1mai\u00e9rt.<\/li>\r\n\r\n\r\n\r\n<li><strong>Kapcsolatok beleegyez\u00e9s\u00e9nek megszerz\u00e9se: <\/strong>Az \u00d6n felel\u0151ss\u00e9ge, hogy t\u00e1j\u00e9koztassa \u00e9s megszerezze kapcsolatai kifejezett vagy hallgat\u00f3lagos beleegyez\u00e9s\u00e9t ahhoz, hogy szerepeljenek az \u00d6n v\u00e9szhelyzeti list\u00e1j\u00e1n, \u00e9s riaszt\u00e1sokat kapjanak \u00d6nt\u0151l. A Kiad\u00f3 elh\u00e1r\u00edt minden felel\u0151ss\u00e9get e k\u00f6telezetts\u00e9g be nem tart\u00e1sa eset\u00e9n.<\/li>\r\n\r\n\r\n\r\n<li><strong>Az alkalmaz\u00e1s felel\u0151ss\u00e9gteljes haszn\u00e1lata: <\/strong>Az alkalmaz\u00e1s seg\u00edts\u00e9gny\u00fajt\u00e1s vagy v\u00e9szhelyzet eset\u00e9n haszn\u00e1lhat\u00f3. A vissza\u00e9l\u00e9sszer\u0171 haszn\u00e1lat, a hamis riaszt\u00e1sok k\u00fcld\u00e9se vagy a kapcsolataik zaklat\u00e1sa szigor\u00faan tilos.<\/li>\r\n\r\n\r\n\r\n<li><strong>A hat\u00e1lyos jogszab\u00e1lyok betart\u00e1sa: <\/strong>az alkalmaz\u00e1s haszn\u00e1lat\u00e1nak meg kell felelnie az alkalmazand\u00f3 t\u00f6rv\u00e9nyeknek \u00e9s rendeleteknek, k\u00fcl\u00f6n\u00f6sen a szem\u00e9lyes adatok v\u00e9delme (GDPR Eur\u00f3p\u00e1ban), a mag\u00e1n\u00e9let tiszteletben tart\u00e1sa \u00e9s az \u00fczenetek terjeszt\u00e9se tekintet\u00e9ben.<\/li>\r\n<\/ul>\r\n\r\n\r\n\r\n<p style=\"margin-top:0;margin-bottom:0\">Az is a felhaszn\u00e1l\u00f3 felel\u0151ss\u00e9ge, hogy mobil szolg\u00e1ltat\u00f3j\u00e1val ellen\u0151rizze, el\u0151fizet\u00e9s\u00e9nek felhaszn\u00e1l\u00e1si felt\u00e9telei lehet\u0151v\u00e9 teszik-e telefonh\u00edv\u00e1sok kezdem\u00e9nyez\u00e9s\u00e9t vagy SMS-ek k\u00fcld\u00e9s\u00e9t az \u00e1ltala v\u00e1lasztott gyakoris\u00e1ggal (k\u00fcl\u00f6n\u00f6sen ism\u00e9tl\u0151d\u0151 m\u00f3d v\u00e1laszt\u00e1sa eset\u00e9n).<br>A kiad\u00f3 elh\u00e1r\u00edt minden felel\u0151ss\u00e9get a felhaszn\u00e1l\u00f3i el\u0151fizet\u00e9s korl\u00e1toz\u00e1sa vagy felf\u00fcggeszt\u00e9se eset\u00e9n.<\/p>\r\n\r\n\r\n\r\n<p style=\"font-size:1rem\"><\/p>\r\n\r\n\r\n\r\n<h2 class=\"wp-block-heading has-background\" style=\"background-color:#f9f3eb;margin-top:var(--wp--preset--spacing--20);margin-bottom:var(--wp--preset--spacing--20);padding-top:var(--wp--preset--spacing--30);padding-bottom:var(--wp--preset--spacing--30);font-size:1.2rem\">3. Szem\u00e9lyes adatok \u00e9s mag\u00e1n\u00e9let<\/h2>\r\n\r\n\r\n\r\n<h3 class=\"wp-block-heading\" style=\"margin-top:var(--wp--preset--spacing--20);margin-bottom:var(--wp--preset--spacing--20);font-size:1.1rem\">3.1. Adatgy\u0171jt\u00e9s \u00e9s feldolgoz\u00e1s<\/h3>\r\n\r\n\r\n\r\n<p style=\"margin-top:var(--wp--preset--spacing--20);margin-bottom:var(--wp--preset--spacing--20);padding-top:0;padding-bottom:0\">Az Alkalmaz\u00e1s a k\u00f6vetkez\u0151 adatokat haszn\u00e1lja; ezek mindegyike kiz\u00e1r\u00f3lag az eszk\u00f6z\u00e9n t\u00e1rol\u00f3dik:<\/p>\r\n\r\n\r\n\r\n<ul style=\"margin-top:var(--wp--preset--spacing--20);margin-bottom:var(--wp--preset--spacing--20)\" class=\"wp-block-list\">\r\n<li><strong>Kapcsolati adatok: <\/strong>az \u00d6n \u00e1ltal l\u00e9trehozott vagy az alkalmaz\u00e1sba import\u00e1lni k\u00edv\u00e1nt kapcsolatok telefonsz\u00e1mai \u00e9s nevei. Ezek az adatok az eszk\u00f6z\u00e9n t\u00e1rol\u00f3dnak, \u00e9s nem ker\u00fclnek \u00e1t a Kiad\u00f3 szervereire.<\/li>\r\n\r\n\r\n\r\n<li><strong>Helymeghat\u00e1roz\u00e1si adatok: <\/strong>Amikor enged\u00e9lyezi a helyzet\u00e9nek elk\u00fcld\u00e9s\u00e9t, az Alkalmaz\u00e1s hozz\u00e1f\u00e9r az okostelefonja helymeghat\u00e1roz\u00e1si adataihoz.<\/li>\r\n\r\n\r\n\r\n<li><strong>Hangfelv\u00e9telek: <\/strong>ha haszn\u00e1lja a felv\u00e9tel funkci\u00f3t, a hangf\u00e1jlok az eszk\u00f6z\u00e9n j\u00f6nnek l\u00e9tre \u00e9s t\u00e1rol\u00f3dnak.<\/li>\r\n\r\n\r\n\r\n<li><strong>Riaszt\u00e1si el\u0151zm\u00e9nyek: <\/strong>ez az el\u0151zm\u00e9ny helyileg is t\u00e1rol\u00f3dik az eszk\u00f6z\u00e9n.<\/li>\r\n<\/ul>\r\n\r\n\r\n\r\n<p style=\"font-size:0.5rem\"><\/p>\r\n\r\n\r\n\r\n<h3 class=\"wp-block-heading\" style=\"margin-top:var(--wp--preset--spacing--20);margin-bottom:var(--wp--preset--spacing--20);font-size:1.1rem\">3.2. Adathaszn\u00e1lat<\/h3>\r\n\r\n\r\n\r\n<p style=\"margin-top:var(--wp--preset--spacing--20);margin-bottom:var(--wp--preset--spacing--20);padding-top:0;padding-bottom:0\">A kezelt adatokat kiz\u00e1r\u00f3lag az alkalmaz\u00e1s megfelel\u0151 m\u0171k\u00f6d\u00e9s\u00e9hez \u00e9s a riaszt\u00e1sok k\u00fcld\u00e9s\u00e9hez haszn\u00e1lj\u00e1k. A Kiad\u00f3 v\u00e1llalja, hogy nem f\u00e9r hozz\u00e1, nem adja el, nem adja b\u00e9rbe \u00e9s nem osztja meg az \u00d6n szem\u00e9lyes adatait harmadik felekkel.<\/p>\r\n\r\n\r\n\r\n<p style=\"font-size:0.5rem\"><\/p>\r\n\r\n\r\n\r\n<h3 class=\"wp-block-heading\" style=\"margin-top:var(--wp--preset--spacing--20);margin-bottom:var(--wp--preset--spacing--20);font-size:1.1rem\">3.3. Sz\u00fcks\u00e9ges enged\u00e9lyek<\/h3>\r\n\r\n\r\n\r\n<p style=\"margin-top:var(--wp--preset--spacing--20);margin-bottom:var(--wp--preset--spacing--20);padding-top:0;padding-bottom:0\">A megfelel\u0151 m\u0171k\u00f6d\u00e9shez az Alkalmaz\u00e1snak hozz\u00e1f\u00e9r\u00e9sre lesz sz\u00fcks\u00e9ge az okostelefon enged\u00e9lyeihez, p\u00e9ld\u00e1ul a n\u00e9vjegyekhez, a helymeghat\u00e1roz\u00e1shoz, a mikrofonhoz, a hangfelv\u00e9telhez, a t\u00e1rol\u00e1shoz, az \u00e9rtes\u00edt\u00e9sekhez \u00e9s az SMS\/telefon funkci\u00f3khoz. Az Alkalmaz\u00e1s haszn\u00e1lat\u00e1val elfogadja ezen enged\u00e9lyek megad\u00e1s\u00e1t.<\/p>\r\n\r\n\r\n\r\n<p style=\"font-size:1rem\"><\/p>\r\n\r\n\r\n\r\n<h2 class=\"wp-block-heading has-background\" style=\"background-color:#f9f3eb;margin-top:var(--wp--preset--spacing--20);margin-bottom:var(--wp--preset--spacing--20);padding-top:var(--wp--preset--spacing--30);padding-bottom:var(--wp--preset--spacing--30);font-size:1.2rem\">4. Felel\u0151ss\u00e9gkorl\u00e1toz\u00e1s<\/h2>\r\n\r\n\r\n\r\n<p style=\"margin-top:0;margin-bottom:0;padding-top:0;padding-bottom:0\">A Kiad\u00f3 t\u00f6rekszik az Alkalmaz\u00e1s megfelel\u0151 m\u0171k\u00f6d\u00e9s\u00e9nek biztos\u00edt\u00e1s\u00e1ra, de nem garant\u00e1lja a megszak\u00edt\u00e1s n\u00e9lk\u00fcli vagy hibamentes szolg\u00e1ltat\u00e1st. Az Alkalmaz\u00e1s haszn\u00e1lat\u00e1val elfogadja a k\u00f6vetkez\u0151 esetleges esem\u00e9nyek el\u0151fordul\u00e1s\u00e1t:<\/p>\r\n\r\n\r\n\r\n<ul style=\"margin-top:var(--wp--preset--spacing--20);margin-bottom:var(--wp--preset--spacing--20)\" class=\"wp-block-list\">\r\n<li><strong>H\u00e1l\u00f3zati f\u00fcgg\u0151s\u00e9g: <\/strong>a riaszt\u00e1sok k\u00fcld\u00e9se a mobilh\u00e1l\u00f3zata \u00e9s a kapcsolatai el\u00e9rhet\u0151s\u00e9g\u00e9t\u0151l f\u00fcgg. A Kiad\u00f3 nem felel\u0151s az SMS-ek vagy h\u00edv\u00e1sok k\u00e9sedelmes vagy sikertelen k\u00e9zbes\u00edt\u00e9s\u00e9\u00e9rt.<\/li>\r\n\r\n\r\n\r\n<li><strong>Helymeghat\u00e1roz\u00e1s pontoss\u00e1ga: <\/strong>a helymeghat\u00e1roz\u00e1s pontoss\u00e1ga az eszk\u00f6z technol\u00f3gi\u00e1j\u00e1t\u00f3l (GPS, Wi-Fi stb.) \u00e9s a k\u00f6rnyezett\u0151l f\u00fcgg. A Kiad\u00f3 nem garant\u00e1lja az abszol\u00fat pontoss\u00e1got.<\/li>\r\n\r\n\r\n\r\n<li><strong>Adatveszt\u00e9s: <\/strong>A Kiad\u00f3 nem tehet\u0151 felel\u0151ss\u00e9 az alkalmaz\u00e1s vagy az eszk\u00f6z meghib\u00e1sod\u00e1sa miatti adat- vagy kapcsolati vesztes\u00e9g\u00e9rt.<\/li>\r\n\r\n\r\n\r\n<li><strong>Biztons\u00e1g: <\/strong>b\u00e1r a kiad\u00f3 \u00e9sszer\u0171 biztons\u00e1gi int\u00e9zked\u00e9seket tesz, nem garant\u00e1lja az alkalmaz\u00e1s elleni abszol\u00fat v\u00e9delmet a behatol\u00e1s, hackel\u00e9s vagy csal\u00e1rd felhaszn\u00e1l\u00e1s ellen.<\/li>\r\n<\/ul>\r\n\r\n\r\n\r\n<p style=\"font-size:1rem\"><\/p>\r\n\r\n\r\n\r\n<h2 class=\"wp-block-heading has-background\" style=\"background-color:#f9f3eb;margin-top:var(--wp--preset--spacing--20);margin-bottom:var(--wp--preset--spacing--20);padding-top:var(--wp--preset--spacing--30);padding-bottom:var(--wp--preset--spacing--30);font-size:1.2rem\">5. Szellemi tulajdon<\/h2>\r\n\r\n\r\n\r\n<p style=\"margin-top:0;margin-bottom:0;padding-top:0;padding-bottom:0\">Az Alkalmaz\u00e1s, valamint a jelen weboldal, azok tartalma (sz\u00f6vegek, k\u00e9pek, ikonok, forr\u00e1sk\u00f3d) \u00e9s minden funkci\u00f3ja a Kiad\u00f3 kiz\u00e1r\u00f3lagos tulajdon\u00e1t k\u00e9pezi, \u00e9s szellemi tulajdonjogokkal v\u00e9dett. B\u00e1rmilyen jogosulatlan reprodukci\u00f3, terjeszt\u00e9s vagy felhaszn\u00e1l\u00e1s szigor\u00faan tilos.<\/p>\r\n\r\n\r\n\r\n<p style=\"font-size:1rem\"><\/p>\r\n\r\n\r\n\r\n<h2 class=\"wp-block-heading has-background\" style=\"background-color:#f9f3eb;margin-top:var(--wp--preset--spacing--20);margin-bottom:var(--wp--preset--spacing--20);padding-top:var(--wp--preset--spacing--30);padding-bottom:var(--wp--preset--spacing--30);font-size:1.2rem\">6. \u00c1FF m\u00f3dos\u00edt\u00e1sa<\/h2>\r\n\r\n\r\n\r\n<p style=\"margin-top:0;margin-bottom:0;padding-top:0;padding-bottom:0\">A Kiad\u00f3 fenntartja a jogot, hogy b\u00e1rmikor m\u00f3dos\u00edtsa a jelen \u00c1ltal\u00e1nos Felhaszn\u00e1l\u00e1si Felt\u00e9teleket. Az Alkalmaz\u00e1s folyamatos haszn\u00e1lata a m\u00f3dos\u00edt\u00e1sok k\u00f6zz\u00e9t\u00e9tele ut\u00e1n az \u00faj \u00c1ltal\u00e1nos Felhaszn\u00e1l\u00e1si Felt\u00e9telek elfogad\u00e1s\u00e1t jelenti.<\/p>\r\n\r\n\r\n\r\n<p class=\"has-small-font-size\"><\/p>\r\n\r\n\r\n\r\n<p class=\"has-small-font-size\"><\/p>\r\n\r\n\r\n\r\n<p><\/p>\r\n","protected":false},"excerpt":{"rendered":"<p>\u00c1LTAL\u00c1NOS FELHASZN\u00c1L\u00c1SI FELT\u00c9TELEK El\u0151sz\u00f3 A jelen \u00e1ltal\u00e1nos felhaszn\u00e1l\u00e1si felt\u00e9telek (&#8222;\u00c1FF&#8221;) szab\u00e1lyozz\u00e1k a DATASLATITUDES (a tov\u00e1bbiakban: &#8222;Kiad\u00f3&#8221;) \u00e1ltal fejlesztett SOS Universal [&hellip;]<\/p>\n","protected":false},"author":1,"featured_media":0,"parent":0,"menu_order":3,"comment_status":"closed","ping_status":"closed","template":"","meta":{"site-sidebar-layout":"default","site-content-layout":"","ast-site-content-layout":"","site-content-style":"default","site-sidebar-style":"default","ast-global-header-display":"","ast-banner-title-visibility":"","ast-main-header-display":"","ast-hfb-above-header-display":"","ast-hfb-below-header-display":"","ast-hfb-mobile-header-display":"","site-post-title":"disabled","ast-breadcrumbs-content":"","ast-featured-img":"","footer-sml-layout":"","theme-transparent-header-meta":"","adv-header-id-meta":"","stick-header-meta":"","header-above-stick-meta":"","header-main-stick-meta":"","header-below-stick-meta":"","astra-migrate-meta-layouts":"default","ast-page-background-enabled":"default","ast-page-background-meta":{"desktop":{"background-color":"var(--ast-global-color-5)","background-image":"","background-repeat":"repeat","background-position":"center center","background-size":"auto","background-attachment":"scroll","background-type":"","background-media":"","overlay-type":"","overlay-color":"","overlay-opacity":"","overlay-gradient":""},"tablet":{"background-color":"","background-image":"","background-repeat":"repeat","background-position":"center center","background-size":"auto","background-attachment":"scroll","background-type":"","background-media":"","overlay-type":"","overlay-color":"","overlay-opacity":"","overlay-gradient":""},"mobile":{"background-color":"","background-image":"","background-repeat":"repeat","background-position":"center center","background-size":"auto","background-attachment":"scroll","background-type":"","background-media":"","overlay-type":"","overlay-color":"","overlay-opacity":"","overlay-gradient":""}},"ast-content-background-meta":{"desktop":{"background-color":"var(--ast-global-color-4)","background-image":"","background-repeat":"repeat","background-position":"center center","background-size":"auto","background-attachment":"scroll","background-type":"","background-media":"","overlay-type":"","overlay-color":"","overlay-opacity":"","overlay-gradient":""},"tablet":{"background-color":"var(--ast-global-color-4)","background-image":"","background-repeat":"repeat","background-position":"center center","background-size":"auto","background-attachment":"scroll","background-type":"","background-media":"","overlay-type":"","overlay-color":"","overlay-opacity":"","overlay-gradient":""},"mobile":{"background-color":"var(--ast-global-color-4)","background-image":"","background-repeat":"repeat","background-position":"center center","background-size":"auto","background-attachment":"scroll","background-type":"","background-media":"","overlay-type":"","overlay-color":"","overlay-opacity":"","overlay-gradient":""}},"footnotes":""},"class_list":["post-58","page","type-page","status-publish","hentry"],"yoast_head":"<!-- This site is optimized with the Yoast SEO plugin v25.6 - https:\/\/yoast.com\/wordpress\/plugins\/seo\/ -->\n<title>\u00c1ltal\u00e1nos felhaszn\u00e1l\u00e1si felt\u00e9telek<\/title>\n<meta name=\"description\" content=\"A jelen \u00e1ltal\u00e1nos felhaszn\u00e1l\u00e1si felt\u00e9telek szab\u00e1lyozz\u00e1k a DATASLATITUDES \u00e1ltal fejlesztett SOS Universal mobilalkalmaz\u00e1s haszn\u00e1lat\u00e1t. Az alkalmaz\u00e1s k\u00fcl\u00f6n\u00f6sen a riaszt\u00e1sok k\u00fcld\u00e9s\u00e9re szolg\u00e1l el\u0151re meghat\u00e1rozott kapcsolatoknak v\u00e9szhelyzet eset\u00e9n, vagy a felhaszn\u00e1l\u00f3 \u00e1ltal meghat\u00e1rozott b\u00e1rmely m\u00e1s okb\u00f3l. Bemutatja a szolg\u00e1ltat\u00e1s le\u00edr\u00e1s\u00e1t, a felhaszn\u00e1l\u00f3 k\u00f6telezetts\u00e9geit \u00e9s felel\u0151ss\u00e9g\u00e9t, a szem\u00e9lyes adatokat \u00e9s a mag\u00e1n\u00e9letet, a felel\u0151ss\u00e9g korl\u00e1toz\u00e1s\u00e1t, a szellemi tulajdont \u00e9s az \u00c1FF m\u00f3dos\u00edt\u00e1s\u00e1nak felt\u00e9teleit.\" \/>\n<meta name=\"robots\" content=\"index, follow, max-snippet:-1, max-image-preview:large, max-video-preview:-1\" \/>\n<link rel=\"canonical\" href=\"\" \/>\n<meta property=\"og:locale\" content=\"hu_HU\" \/>\n<meta property=\"og:type\" content=\"article\" \/>\n<meta property=\"og:title\" content=\"\u00c1ltal\u00e1nos felhaszn\u00e1l\u00e1si felt\u00e9telek\" \/>\n<meta property=\"og:description\" content=\"A jelen \u00e1ltal\u00e1nos felhaszn\u00e1l\u00e1si felt\u00e9telek szab\u00e1lyozz\u00e1k a DATASLATITUDES \u00e1ltal fejlesztett SOS Universal mobilalkalmaz\u00e1s haszn\u00e1lat\u00e1t. Az alkalmaz\u00e1s k\u00fcl\u00f6n\u00f6sen a riaszt\u00e1sok k\u00fcld\u00e9s\u00e9re szolg\u00e1l el\u0151re meghat\u00e1rozott kapcsolatoknak v\u00e9szhelyzet eset\u00e9n, vagy a felhaszn\u00e1l\u00f3 \u00e1ltal meghat\u00e1rozott b\u00e1rmely m\u00e1s okb\u00f3l. Bemutatja a szolg\u00e1ltat\u00e1s le\u00edr\u00e1s\u00e1t, a felhaszn\u00e1l\u00f3 k\u00f6telezetts\u00e9geit \u00e9s felel\u0151ss\u00e9g\u00e9t, a szem\u00e9lyes adatokat \u00e9s a mag\u00e1n\u00e9letet, a felel\u0151ss\u00e9g korl\u00e1toz\u00e1s\u00e1t, a szellemi tulajdont \u00e9s az \u00c1FF m\u00f3dos\u00edt\u00e1s\u00e1nak felt\u00e9teleit.\" \/>\n<meta property=\"og:url\" content=\"https:\/\/www.dataslatitudes.com\/sosuniversal\/hu\/cgu\/\" \/>\n<meta property=\"og:site_name\" content=\"SOS Universal\" \/>\n<meta property=\"article:modified_time\" content=\"2025-08-14T09:54:11+00:00\" \/>\n<meta name=\"twitter:card\" content=\"summary_large_image\" \/>\n<meta name=\"twitter:label1\" content=\"Becs\u00fclt olvas\u00e1si id\u0151\" \/>\n\t<meta name=\"twitter:data1\" content=\"7 perc\" \/>\n<script type=\"application\/ld+json\" class=\"yoast-schema-graph\">{\"@context\":\"https:\/\/schema.org\",\"@graph\":[{\"@type\":\"WebPage\",\"@id\":\"https:\/\/www.dataslatitudes.com\/sosuniversal\/hu\/cgu\/\",\"url\":\"https:\/\/www.dataslatitudes.com\/sosuniversal\/hu\/cgu\/\",\"name\":\"CGU - SOS Universal\",\"isPartOf\":{\"@id\":\"https:\/\/www.dataslatitudes.com\/sosuniversal\/#website\"},\"datePublished\":\"2025-06-11T14:40:28+00:00\",\"dateModified\":\"2025-08-14T09:54:11+00:00\",\"description\":\"Les pr\u00e9sentes conditions g\u00e9n\u00e9rales d\u2019utilisation r\u00e9gissent l\u2019utilisation de l\u2019application mobile SOS Universal , d\u00e9velopp\u00e9e par DATASLATITUDES. L\u2019application est notamment con\u00e7ue pour permettre l\u2019envoi d\u2019alertes \u00e0 des contacts pr\u00e9d\u00e9finis en cas de situation d\u2019urgence ou pour tout autre motif d\u00e9fini par l\u2019utilisateur. On y expose la description du service, les obligations et les responsabilit\u00e9s de l\u2019utilisateur, les donn\u00e9es personnelles et la vie priv\u00e9e, la limitation de responsabilit\u00e9, la propri\u00e9t\u00e9 intellectuelle et les conditions de Modification des CGU.\",\"breadcrumb\":{\"@id\":\"https:\/\/www.dataslatitudes.com\/sosuniversal\/hu\/cgu\/#breadcrumb\"},\"inLanguage\":\"hu\",\"potentialAction\":[{\"@type\":\"ReadAction\",\"target\":[\"https:\/\/www.dataslatitudes.com\/sosuniversal\/hu\/cgu\/\"]}]},{\"@type\":\"BreadcrumbList\",\"@id\":\"https:\/\/www.dataslatitudes.com\/sosuniversal\/hu\/cgu\/#breadcrumb\",\"itemListElement\":[{\"@type\":\"ListItem\",\"position\":1,\"name\":\"Bemutat\u00e1s\",\"item\":\"https:\/\/www.dataslatitudes.com\/sosuniversal\/fr\/\"},{\"@type\":\"ListItem\",\"position\":2,\"name\":\"\u00c1ltal\u00e1nos felhaszn\u00e1l\u00e1si felt\u00e9telek\"}]},{\"@type\":\"WebSite\",\"@id\":\"https:\/\/www.dataslatitudes.com\/sosuniversal\/hu\/#website\",\"url\":\"https:\/\/www.dataslatitudes.com\/sosuniversal\/hu\/\",\"name\":\"SOS Universal\",\"description\":\"\",\"publisher\":{\"@id\":\"https:\/\/www.dataslatitudes.com\/sosuniversal\/hu\/#organization\"},\"potentialAction\":[{\"@type\":\"SearchAction\",\"target\":{\"@type\":\"EntryPoint\",\"urlTemplate\":\"https:\/\/www.dataslatitudes.com\/sosuniversal\/hu\/?s={search_term_string}\"},\"query-input\":{\"@type\":\"PropertyValueSpecification\",\"valueRequired\":true,\"valueName\":\"search_term_string\"}}],\"inLanguage\":\"hu\"},{\"@type\":\"Organization\",\"@id\":\"https:\/\/www.dataslatitudes.com\/sosuniversal\/hu\/#organization\",\"name\":\"DATASLATITUDES\",\"url\":\"https:\/\/www.dataslatitudes.com\/sosuniversal\/hu\/\",\"logo\":{\"@type\":\"ImageObject\",\"inLanguage\":\"hu\",\"@id\":\"https:\/\/www.dataslatitudes.com\/sosuniversal\/hu\/#\/schema\/logo\/image\/\",\"url\":\"https:\/\/www.dataslatitudes.com\/sosuniversal\/wp-content\/uploads\/2025\/07\/logo_mrdv.png\",\"contentUrl\":\"https:\/\/www.dataslatitudes.com\/sosuniversal\/wp-content\/uploads\/2025\/07\/logo_mrdv.png\",\"width\":72,\"height\":72,\"caption\":\"DATASLATITUDES\"},\"image\":{\"@id\":\"https:\/\/www.dataslatitudes.com\/sosuniversal\/hu\/#\/schema\/logo\/image\/\"}}]}<\/script>\n<!-- \/ Yoast SEO plugin. -->","yoast_head_json":{"title":"\u00c1ltal\u00e1nos felhaszn\u00e1l\u00e1si felt\u00e9telek","description":"A jelen \u00e1ltal\u00e1nos felhaszn\u00e1l\u00e1si felt\u00e9telek szab\u00e1lyozz\u00e1k a DATASLATITUDES \u00e1ltal fejlesztett SOS Universal mobilalkalmaz\u00e1s haszn\u00e1lat\u00e1t. Az alkalmaz\u00e1s k\u00fcl\u00f6n\u00f6sen a riaszt\u00e1sok k\u00fcld\u00e9s\u00e9re szolg\u00e1l el\u0151re meghat\u00e1rozott kapcsolatoknak v\u00e9szhelyzet eset\u00e9n, vagy a felhaszn\u00e1l\u00f3 \u00e1ltal meghat\u00e1rozott b\u00e1rmely m\u00e1s okb\u00f3l. Bemutatja a szolg\u00e1ltat\u00e1s le\u00edr\u00e1s\u00e1t, a felhaszn\u00e1l\u00f3 k\u00f6telezetts\u00e9geit \u00e9s felel\u0151ss\u00e9g\u00e9t, a szem\u00e9lyes adatokat \u00e9s a mag\u00e1n\u00e9letet, a felel\u0151ss\u00e9g korl\u00e1toz\u00e1s\u00e1t, a szellemi tulajdont \u00e9s az \u00c1FF m\u00f3dos\u00edt\u00e1s\u00e1nak felt\u00e9teleit.","robots":{"index":"index","follow":"follow","max-snippet":"max-snippet:-1","max-image-preview":"max-image-preview:large","max-video-preview":"max-video-preview:-1"},"canonical":"\u00c1LTAL\u00c1NOS FELHASZN\u00c1L\u00c1SI FELT\u00c9TELEK El\u0151sz\u00f3 A jelen \u00e1ltal\u00e1nos felhaszn\u00e1l\u00e1si felt\u00e9telek (\"\u00c1FF\") szab\u00e1lyozz\u00e1k a DATASLATITUDES (a tov\u00e1bbiakban: \"Kiad\u00f3\") \u00e1ltal fejlesztett SOS Universal mobilalkalmaz\u00e1s (a tov\u00e1bbiakban: \"Alkalmaz\u00e1s\") haszn\u00e1lat\u00e1t. Az Alkalmaz\u00e1s c\u00e9lja k\u00fcl\u00f6n\u00f6sen a riaszt\u00e1sok k\u00fcld\u00e9se el\u0151re meghat\u00e1rozott kapcsolatoknak v\u00e9szhelyzet vagy a felhaszn\u00e1l\u00f3 \u00e1ltal meghat\u00e1rozott b\u00e1rmely egy\u00e9b ok eset\u00e9n. Az Alkalmaz\u00e1s let\u00f6lt\u00e9s\u00e9vel, telep\u00edt\u00e9s\u00e9vel vagy haszn\u00e1lat\u00e1val fenntart\u00e1s n\u00e9lk\u00fcl elfogadja a&hellip;","og_locale":"hu_HU","og_type":"article","og_title":"\u00c1ltal\u00e1nos felhaszn\u00e1l\u00e1si felt\u00e9telek","og_description":"A jelen \u00e1ltal\u00e1nos felhaszn\u00e1l\u00e1si felt\u00e9telek szab\u00e1lyozz\u00e1k a DATASLATITUDES \u00e1ltal fejlesztett SOS Universal mobilalkalmaz\u00e1s haszn\u00e1lat\u00e1t. Az alkalmaz\u00e1s k\u00fcl\u00f6n\u00f6sen a riaszt\u00e1sok k\u00fcld\u00e9s\u00e9re szolg\u00e1l el\u0151re meghat\u00e1rozott kapcsolatoknak v\u00e9szhelyzet eset\u00e9n, vagy a felhaszn\u00e1l\u00f3 \u00e1ltal meghat\u00e1rozott b\u00e1rmely m\u00e1s okb\u00f3l. Bemutatja a szolg\u00e1ltat\u00e1s le\u00edr\u00e1s\u00e1t, a felhaszn\u00e1l\u00f3 k\u00f6telezetts\u00e9geit \u00e9s felel\u0151ss\u00e9g\u00e9t, a szem\u00e9lyes adatokat \u00e9s a mag\u00e1n\u00e9letet, a felel\u0151ss\u00e9g korl\u00e1toz\u00e1s\u00e1t, a szellemi tulajdont \u00e9s az \u00c1FF m\u00f3dos\u00edt\u00e1s\u00e1nak felt\u00e9teleit.","og_url":"https:\/\/www.dataslatitudes.com\/sosuniversal\/hu\/cgu\/","og_site_name":"SOS Universal","article_modified_time":"2025-08-14T09:54:11+00:00","twitter_card":"summary_large_image","twitter_misc":{"Becs\u00fclt olvas\u00e1si id\u0151":"7 perc"},"schema":{"@context":"https:\/\/schema.org","@graph":[{"@type":"WebPage","@id":"https:\/\/www.dataslatitudes.com\/sosuniversal\/hu\/cgu\/","url":"https:\/\/www.dataslatitudes.com\/sosuniversal\/hu\/cgu\/","name":"CGU - SOS Universal","isPartOf":{"@id":"https:\/\/www.dataslatitudes.com\/sosuniversal\/#website"},"datePublished":"2025-06-11T14:40:28+00:00","dateModified":"2025-08-14T09:54:11+00:00","description":"Les pr\u00e9sentes conditions g\u00e9n\u00e9rales d\u2019utilisation r\u00e9gissent l\u2019utilisation de l\u2019application mobile SOS Universal , d\u00e9velopp\u00e9e par DATASLATITUDES. L\u2019application est notamment con\u00e7ue pour permettre l\u2019envoi d\u2019alertes \u00e0 des contacts pr\u00e9d\u00e9finis en cas de situation d\u2019urgence ou pour tout autre motif d\u00e9fini par l\u2019utilisateur. On y expose la description du service, les obligations et les responsabilit\u00e9s de l\u2019utilisateur, les donn\u00e9es personnelles et la vie priv\u00e9e, la limitation de responsabilit\u00e9, la propri\u00e9t\u00e9 intellectuelle et les conditions de Modification des CGU.","breadcrumb":{"@id":"https:\/\/www.dataslatitudes.com\/sosuniversal\/hu\/cgu\/#breadcrumb"},"inLanguage":"hu","potentialAction":[{"@type":"ReadAction","target":["https:\/\/www.dataslatitudes.com\/sosuniversal\/hu\/cgu\/"]}]},{"@type":"BreadcrumbList","@id":"https:\/\/www.dataslatitudes.com\/sosuniversal\/hu\/cgu\/#breadcrumb","itemListElement":[{"@type":"ListItem","position":1,"name":"Bemutat\u00e1s","item":"https:\/\/www.dataslatitudes.com\/sosuniversal\/fr\/"},{"@type":"ListItem","position":2,"name":"\u00c1ltal\u00e1nos felhaszn\u00e1l\u00e1si felt\u00e9telek"}]},{"@type":"WebSite","@id":"https:\/\/www.dataslatitudes.com\/sosuniversal\/hu\/#website","url":"https:\/\/www.dataslatitudes.com\/sosuniversal\/hu\/","name":"SOS Universal","description":"","publisher":{"@id":"https:\/\/www.dataslatitudes.com\/sosuniversal\/hu\/#organization"},"potentialAction":[{"@type":"SearchAction","target":{"@type":"EntryPoint","urlTemplate":"https:\/\/www.dataslatitudes.com\/sosuniversal\/hu\/?s={search_term_string}"},"query-input":{"@type":"PropertyValueSpecification","valueRequired":true,"valueName":"search_term_string"}}],"inLanguage":"hu"},{"@type":"Organization","@id":"https:\/\/www.dataslatitudes.com\/sosuniversal\/hu\/#organization","name":"DATASLATITUDES","url":"https:\/\/www.dataslatitudes.com\/sosuniversal\/hu\/","logo":{"@type":"ImageObject","inLanguage":"hu","@id":"https:\/\/www.dataslatitudes.com\/sosuniversal\/hu\/#\/schema\/logo\/image\/","url":"https:\/\/www.dataslatitudes.com\/sosuniversal\/wp-content\/uploads\/2025\/07\/logo_mrdv.png","contentUrl":"https:\/\/www.dataslatitudes.com\/sosuniversal\/wp-content\/uploads\/2025\/07\/logo_mrdv.png","width":72,"height":72,"caption":"DATASLATITUDES"},"image":{"@id":"https:\/\/www.dataslatitudes.com\/sosuniversal\/hu\/#\/schema\/logo\/image\/"}}]}},"_links":{"self":[{"href":"https:\/\/www.dataslatitudes.com\/sosuniversal\/hu\/wp-json\/wp\/v2\/pages\/58","targetHints":{"allow":["GET"]}}],"collection":[{"href":"https:\/\/www.dataslatitudes.com\/sosuniversal\/hu\/wp-json\/wp\/v2\/pages"}],"about":[{"href":"https:\/\/www.dataslatitudes.com\/sosuniversal\/hu\/wp-json\/wp\/v2\/types\/page"}],"author":[{"embeddable":true,"href":"https:\/\/www.dataslatitudes.com\/sosuniversal\/hu\/wp-json\/wp\/v2\/users\/1"}],"replies":[{"embeddable":true,"href":"https:\/\/www.dataslatitudes.com\/sosuniversal\/hu\/wp-json\/wp\/v2\/comments?post=58"}],"version-history":[{"count":37,"href":"https:\/\/www.dataslatitudes.com\/sosuniversal\/hu\/wp-json\/wp\/v2\/pages\/58\/revisions"}],"predecessor-version":[{"id":2928,"href":"https:\/\/www.dataslatitudes.com\/sosuniversal\/hu\/wp-json\/wp\/v2\/pages\/58\/revisions\/2928"}],"wp:attachment":[{"href":"https:\/\/www.dataslatitudes.com\/sosuniversal\/hu\/wp-json\/wp\/v2\/media?parent=58"}],"curies":[{"name":"wp","href":"https:\/\/api.w.org\/{rel}","templated":true}]}}